{"id":118,"date":"2026-08-14T16:54:48","date_gmt":"2026-08-14T14:54:48","guid":{"rendered":"http:\/\/www.hugenottenhaus-hammelspring.info\/sserpdrow\/?page_id=118"},"modified":"2026-08-23T11:21:18","modified_gmt":"2026-08-23T09:21:18","slug":"die-hugenotten-in-frankreich","status":"publish","type":"page","link":"https:\/\/www.hugenottenhaus-hammelspring.info\/sserpdrow\/die-hugenotten\/die-hugenotten-in-frankreich\/","title":{"rendered":"Die Hugenotten in Frankreich"},"content":{"rendered":"<h2>Das Edikt von Saint-Germain-en-Laye (1562)<\/h2>\n<p>Mit dem Edikt von Saint-Germain-en-Laye (auch Januaredikt genannt)\u00a0sicherte am 17.01.1562\u00a0die franz\u00f6sische Regentin Caterina de&#8216; Medici dem hugenottischen Adel eingeschr\u00e4nkte Glaubensfreiheit\u00a0im katholisch orientierten K\u00f6nigreich zu.<\/p>\n<p>Der auch als erster Religionsedikt\u00a0bezeichnete k\u00f6nigliche Erlass erlaubte es den Protestanten, in Vorst\u00e4dten oder drau\u00dfen auf dem Land, ihrem von der katholischen Gesinnung abweichenden Glauben nachzugehen.<\/p>\n<h2>Die Bartholom\u00e4usnacht (1572)<\/h2>\n<p>Die\u00a0Bartholom\u00e4usnacht\u00a0(auch\u00a0Pariser Bluthochzeit\u00a0genannt) war ein\u00a0<a href=\"http:\/\/de.wikipedia.org\/wiki\/Massaker\" title=\"Massaker\">Massaker<\/a>\u00a0an den Hugenotten, das in der Nacht vom 23. zum 24. August 1572 stattfand.<\/p>\n<p>Ermordet wurden dabei, auf Befehl der K\u00f6niginmutter Caterina de&#8216; Medici, neben Admiral Gaspard de Coligny, dem politischen Oberhaupt der Hugenotten auch\u00a0weitere F\u00fchrer der franz\u00f6sischen Protestanten. Diese waren anl\u00e4sslich der\u00a0\u2013\u00a0vermeintlich der Vers\u00f6hnung dienenden \u2013\u00a0Hochzeit des Protestanten Heinrich von Navarra\u00a0(der sp\u00e4tere K\u00f6nig Heinrich IV.) mit Caterinas Tochter Margarete von Valois\u00a0in Paris versammelt.<\/p>\n<p>In der gleichen Nacht wurden in einem Pogrom allein in Paris etwa 3.000 weitere Protestanten ermordet. Innerhalb weniger Tage sterben in einer Welle von Gewalt im Land weitere 10.000 Hugenotten.<\/p>\n<h2>Das Edikt von Nantes (1598)<\/h2>\n<p>Das von Heinrich IV. am 13.04.1598 erlassene Edikt von Nantes\u00a0gew\u00e4hrte den Hugenotten im katholischen Frankreich religi\u00f6se Toleranz\u00a0und volle B\u00fcrgerrechte, fixierte andererseits aber den Katholizismus als Staatsreligion. Damit wurde vor\u00fcbergehend einen Schlusspunkt hinter das Zeitalter der Religionskriege\u00a0zwischen Hugenotten, Katholiken und dem K\u00f6nigtum gesetzt.<\/p>\n<h2>Das Edikt von Fontainebleau\u00a0(1685)<\/h2>\n<p>Am 18.10.1685\u00a0widerrief K\u00f6nig Ludwig XIV.\u00a0im Edikt von Fontainebleau insgesamt\u00a0das Edikt von Nantes. Damit wurden die franz\u00f6sischen Protestanten aller religi\u00f6sen und b\u00fcrgerlichen Rechte beraubt. Innerhalb weniger Monate flohen Hunderttausende, vor allem in die calvinistischen Gebiete der Niederlande, die calvinistischen Kantone der Schweiz und nach Preu\u00dfen (siehe auch: <a href=\"\/die-hugenotten\/die-hugenotten-in-deutschland\/\">Edikt von Potsdam<\/a>).<\/p>\n","protected":false},"excerpt":{"rendered":"<p>Das Edikt von Saint-Germain-en-Laye (1562) Mit dem Edikt von Saint-Germain-en-Laye (auch Januaredikt genannt)\u00a0sicherte am 17.01.1562\u00a0die franz\u00f6sische Regentin Caterina de&#8216; Medici dem hugenottischen Adel eingeschr\u00e4nkte Glaubensfreiheit\u00a0im katholisch orientierten K\u00f6nigreich zu. Der auch als erster Religionsedikt\u00a0bezeichnete k\u00f6nigliche Erlass erlaubte es den Protestanten, in Vorst\u00e4dten oder drau\u00dfen auf dem Land, ihrem von der [&hellip;]<\/p>\n","protected":false},"author":1,"featured_media":0,"parent":2,"menu_order":0,"comment_status":"closed","ping_status":"closed","template":"","meta":{"_themeisle_gutenberg_block_has_review":false,"footnotes":""},"class_list":["post-118","page","type-page","status-publish","hentry"],"_links":{"self":[{"href":"https:\/\/www.hugenottenhaus-hammelspring.info\/sserpdrow\/wp-json\/wp\/v2\/pages\/118","targetHints":{"allow":["GET"]}}],"collection":[{"href":"https:\/\/www.hugenottenhaus-hammelspring.info\/sserpdrow\/wp-json\/wp\/v2\/pages"}],"about":[{"href":"https:\/\/www.hugenottenhaus-hammelspring.info\/sserpdrow\/wp-json\/wp\/v2\/types\/page"}],"author":[{"embeddable":true,"href":"https:\/\/www.hugenottenhaus-hammelspring.info\/sserpdrow\/wp-json\/wp\/v2\/users\/1"}],"replies":[{"embeddable":true,"href":"https:\/\/www.hugenottenhaus-hammelspring.info\/sserpdrow\/wp-json\/wp\/v2\/comments?post=118"}],"version-history":[{"count":7,"href":"https:\/\/www.hugenottenhaus-hammelspring.info\/sserpdrow\/wp-json\/wp\/v2\/pages\/118\/revisions"}],"predecessor-version":[{"id":168,"href":"https:\/\/www.hugenottenhaus-hammelspring.info\/sserpdrow\/wp-json\/wp\/v2\/pages\/118\/revisions\/168"}],"up":[{"embeddable":true,"href":"https:\/\/www.hugenottenhaus-hammelspring.info\/sserpdrow\/wp-json\/wp\/v2\/pages\/2"}],"wp:attachment":[{"href":"https:\/\/www.hugenottenhaus-hammelspring.info\/sserpdrow\/wp-json\/wp\/v2\/media?parent=118"}],"curies":[{"name":"wp","href":"https:\/\/api.w.org\/{rel}","templated":true}]}}